{"id":7,"date":"2015-02-23T12:45:40","date_gmt":"2015-02-23T12:45:40","guid":{"rendered":"https:\/\/www.edenn.fr\/archive\/?page_id=7"},"modified":"2024-03-07T15:36:19","modified_gmt":"2024-03-07T15:36:19","slug":"accueil","status":"publish","type":"page","link":"https:\/\/www.edenn.fr\/archive\/","title":{"rendered":"Accueil"},"content":{"rendered":"","protected":false},"excerpt":{"rendered":"","protected":false},"author":2,"featured_media":0,"parent":0,"menu_order":0,"comment_status":"open","ping_status":"open","template":"template\/homepage.php","meta":{"_acf_changed":false,"footnotes":""},"class_list":["post-7","page","type-page","status-publish","hentry"],"acf":[],"yoast_head":"<!-- This site is optimized with the Yoast SEO plugin v27.4 - https:\/\/yoast.com\/product\/yoast-seo-wordpress\/ -->\n<title>Edenn - Ensemble pour la reconqu\u00eate de l&#039;Erdre<\/title>\n<meta name=\"description\" content=\"L&#039;Edenn est une collectivit\u00e9 qui agit sur le bassin versant de l&#039;Erdre pour am\u00e9liorer la qualit\u00e9 des eaux, la biodiversit\u00e9 et la concertation des usages\" \/>\n<meta name=\"robots\" content=\"index, follow, max-snippet:-1, max-image-preview:large, max-video-preview:-1\" \/>\n<link rel=\"canonical\" href=\"https:\/\/www.edenn.fr\/archive\/\" \/>\n<meta property=\"og:locale\" content=\"fr_FR\" \/>\n<meta property=\"og:type\" content=\"article\" \/>\n<meta property=\"og:title\" content=\"Edenn - Ensemble pour la reconqu\u00eate de l&#039;Erdre\" \/>\n<meta property=\"og:description\" content=\"L&#039;Edenn est une collectivit\u00e9 qui agit sur le bassin versant de l&#039;Erdre pour am\u00e9liorer la qualit\u00e9 des eaux, la biodiversit\u00e9 et la concertation des usages\" \/>\n<meta property=\"og:url\" content=\"https:\/\/www.edenn.fr\/archive\/\" \/>\n<meta property=\"og:site_name\" content=\"Edenn\" \/>\n<meta property=\"article:publisher\" content=\"https:\/\/www.facebook.com\/pages\/EDENN-sur-Erdre\/193293197413477?ref=hl\" \/>\n<meta property=\"article:modified_time\" content=\"2024-03-07T15:36:19+00:00\" \/>\n<script type=\"application\/ld+json\" class=\"yoast-schema-graph\">{\"@context\":\"https:\\\/\\\/schema.org\",\"@graph\":[{\"@type\":\"WebPage\",\"@id\":\"https:\\\/\\\/www.edenn.fr\\\/archive\\\/\",\"url\":\"https:\\\/\\\/www.edenn.fr\\\/archive\\\/\",\"name\":\"Edenn - Ensemble pour la reconqu\u00eate de l'Erdre\",\"isPartOf\":{\"@id\":\"https:\\\/\\\/www.edenn.fr\\\/archive\\\/#website\"},\"datePublished\":\"2015-02-23T12:45:40+00:00\",\"dateModified\":\"2024-03-07T15:36:19+00:00\",\"description\":\"L'Edenn est une collectivit\u00e9 qui agit sur le bassin versant de l'Erdre pour am\u00e9liorer la qualit\u00e9 des eaux, la biodiversit\u00e9 et la concertation des usages\",\"breadcrumb\":{\"@id\":\"https:\\\/\\\/www.edenn.fr\\\/archive\\\/#breadcrumb\"},\"inLanguage\":\"fr-FR\",\"potentialAction\":[{\"@type\":\"ReadAction\",\"target\":[\"https:\\\/\\\/www.edenn.fr\\\/archive\\\/\"]}]},{\"@type\":\"BreadcrumbList\",\"@id\":\"https:\\\/\\\/www.edenn.fr\\\/archive\\\/#breadcrumb\",\"itemListElement\":[{\"@type\":\"ListItem\",\"position\":1,\"name\":\"Accueil\",\"item\":\"https:\\\/\\\/www.edenn.fr\\\/archive\\\/\"},{\"@type\":\"ListItem\",\"position\":2,\"name\":\"Accueil\"}]},{\"@type\":\"WebSite\",\"@id\":\"https:\\\/\\\/www.edenn.fr\\\/archive\\\/#website\",\"url\":\"https:\\\/\\\/www.edenn.fr\\\/archive\\\/\",\"name\":\"Edenn\",\"description\":\"Ensemble pour la reconqu\u00eate de l&#039;Erdre\",\"potentialAction\":[{\"@type\":\"SearchAction\",\"target\":{\"@type\":\"EntryPoint\",\"urlTemplate\":\"https:\\\/\\\/www.edenn.fr\\\/archive\\\/?s={search_term_string}\"},\"query-input\":{\"@type\":\"PropertyValueSpecification\",\"valueRequired\":true,\"valueName\":\"search_term_string\"}}],\"inLanguage\":\"fr-FR\"}]}<\/script>\n<!-- \/ Yoast SEO plugin. -->","yoast_head_json":{"title":"Edenn - Ensemble pour la reconqu\u00eate de l'Erdre","description":"L'Edenn est une collectivit\u00e9 qui agit sur le bassin versant de l'Erdre pour am\u00e9liorer la qualit\u00e9 des eaux, la biodiversit\u00e9 et la concertation des usages","robots":{"index":"index","follow":"follow","max-snippet":"max-snippet:-1","max-image-preview":"max-image-preview:large","max-video-preview":"max-video-preview:-1"},"canonical":"https:\/\/www.edenn.fr\/archive\/","og_locale":"fr_FR","og_type":"article","og_title":"Edenn - Ensemble pour la reconqu\u00eate de l'Erdre","og_description":"L'Edenn est une collectivit\u00e9 qui agit sur le bassin versant de l'Erdre pour am\u00e9liorer la qualit\u00e9 des eaux, la biodiversit\u00e9 et la concertation des usages","og_url":"https:\/\/www.edenn.fr\/archive\/","og_site_name":"Edenn","article_publisher":"https:\/\/www.facebook.com\/pages\/EDENN-sur-Erdre\/193293197413477?ref=hl","article_modified_time":"2024-03-07T15:36:19+00:00","schema":{"@context":"https:\/\/schema.org","@graph":[{"@type":"WebPage","@id":"https:\/\/www.edenn.fr\/archive\/","url":"https:\/\/www.edenn.fr\/archive\/","name":"Edenn - Ensemble pour la reconqu\u00eate de l'Erdre","isPartOf":{"@id":"https:\/\/www.edenn.fr\/archive\/#website"},"datePublished":"2015-02-23T12:45:40+00:00","dateModified":"2024-03-07T15:36:19+00:00","description":"L'Edenn est une collectivit\u00e9 qui agit sur le bassin versant de l'Erdre pour am\u00e9liorer la qualit\u00e9 des eaux, la biodiversit\u00e9 et la concertation des usages","breadcrumb":{"@id":"https:\/\/www.edenn.fr\/archive\/#breadcrumb"},"inLanguage":"fr-FR","potentialAction":[{"@type":"ReadAction","target":["https:\/\/www.edenn.fr\/archive\/"]}]},{"@type":"BreadcrumbList","@id":"https:\/\/www.edenn.fr\/archive\/#breadcrumb","itemListElement":[{"@type":"ListItem","position":1,"name":"Accueil","item":"https:\/\/www.edenn.fr\/archive\/"},{"@type":"ListItem","position":2,"name":"Accueil"}]},{"@type":"WebSite","@id":"https:\/\/www.edenn.fr\/archive\/#website","url":"https:\/\/www.edenn.fr\/archive\/","name":"Edenn","description":"Ensemble pour la reconqu\u00eate de l&#039;Erdre","potentialAction":[{"@type":"SearchAction","target":{"@type":"EntryPoint","urlTemplate":"https:\/\/www.edenn.fr\/archive\/?s={search_term_string}"},"query-input":{"@type":"PropertyValueSpecification","valueRequired":true,"valueName":"search_term_string"}}],"inLanguage":"fr-FR"}]}},"_links":{"self":[{"href":"https:\/\/www.edenn.fr\/archive\/wp-json\/wp\/v2\/pages\/7","targetHints":{"allow":["GET"]}}],"collection":[{"href":"https:\/\/www.edenn.fr\/archive\/wp-json\/wp\/v2\/pages"}],"about":[{"href":"https:\/\/www.edenn.fr\/archive\/wp-json\/wp\/v2\/types\/page"}],"author":[{"embeddable":true,"href":"https:\/\/www.edenn.fr\/archive\/wp-json\/wp\/v2\/users\/2"}],"replies":[{"embeddable":true,"href":"https:\/\/www.edenn.fr\/archive\/wp-json\/wp\/v2\/comments?post=7"}],"version-history":[{"count":30,"href":"https:\/\/www.edenn.fr\/archive\/wp-json\/wp\/v2\/pages\/7\/revisions"}],"predecessor-version":[{"id":9788,"href":"https:\/\/www.edenn.fr\/archive\/wp-json\/wp\/v2\/pages\/7\/revisions\/9788"}],"wp:attachment":[{"href":"https:\/\/www.edenn.fr\/archive\/wp-json\/wp\/v2\/media?parent=7"}],"curies":[{"name":"wp","href":"https:\/\/api.w.org\/{rel}","templated":true}]}}